{"id":48,"date":"2021-06-10T06:22:57","date_gmt":"2021-06-10T06:22:57","guid":{"rendered":"https:\/\/muzeul.uaic.ro\/?page_id=48"},"modified":"2024-02-08T13:28:27","modified_gmt":"2024-02-08T13:28:27","slug":"istorie","status":"publish","type":"page","link":"https:\/\/muzeul.uaic.ro\/index.php\/misiune\/istorie\/","title":{"rendered":"Istorie"},"content":{"rendered":"<p>Muzeele universit\u0103\u0163ilor au devenit pe parcursul secolelor XIX-XX institu\u0163ii indispensabile pentru p\u0103strarea memoriei academice \u015fi a istoriei elitelor intelectuale. Lumea rom\u00e2neasc\u0103 nu a fost str\u0103in\u0103 de aceast\u0103 exigen\u0163\u0103 restitutiv\u0103, \u00eens\u0103 eforturile institu\u0163ionale s-au derulat adesea sincopat, date fiind pagubele provocate de r\u0103zboaie \u015fi traumele pe care le-au implicat schimb\u0103rile politice.<\/p>\n<p>Actualul Muzeu al Universit\u0103\u0163ii \u201eAlexandru Ioan Cuza\u201d din Ia\u0219i a fost conceput \u00een spiritul continu\u0103rii eforturilor ini\u0163iate \u00een urm\u0103 cu peste un veac de savan\u0163i precum Teohari Antonescu \u015fi Orest Tafrali. Muzeul de Antichit\u0103\u021bi, prima structur\u0103 institu\u0163ional\u0103 destinat\u0103 p\u0103str\u0103rii bunurilor culturale din spa\u0163iul academic, a luat na\u015ftere \u00een 1916 \u015fi era dedicat\u0103 conserv\u0103rii bunurilor intrate \u00een patrimoniul Universit\u0103\u0163ii ca urmare a excava\u0163iilor arheologice din arealul culturii Cucuteni \u015fi al cet\u0103\u0163ilor grece\u015fti de la Marea Neagr\u0103. \u00cen perioada dintre cele dou\u0103 r\u0103zboaie mondiale multe dintre ini\u0163iativele destinate prezerv\u0103rii \u015fi valorific\u0103rii patrimoniului academic au apar\u0163inut lui Ilie Minea, cercet\u0103tor care s-a ar\u0103tat interesat mai ales de piesele apar\u0163in\u00e2nd epocii medievale moldovene\u015fti. Dup\u0103 al doilea r\u0103zboi mondial, toate aceste materiale au intrat \u00een custodia Muzeului de Istorie a Moldovei (ast\u0103zi Complexul Na\u021bional Muzeal \u201eMoldova\u201d), institu\u0163ie subordonat\u0103 Ministerului Culturii.<\/p>\n<p>\u00cen 1960, cu prilejul anivers\u0103rii Centenarului Universit\u0103\u021bii, un grup de profesori, din care au f\u0103cut parte: Grigore Botez, Gheorghe Ungureanu, Vasile Ababi, Mircea Petrescu-D\u00eembovi\u021ba \u0219i Ioan \u0218andru au organizat o expozi\u021bie intitulat\u0103 \u201eDezvoltarea \u00eenv\u0103\u021b\u0103m\u00e2ntului superior din Ia\u0219i\u201d. Ea era menit\u0103 s\u0103 prezinte, prin intermediul documentelor, tip\u0103riturilor \u0219i artefactelor istoria de un veac a institu\u021biei. Vernisat\u0103 pe 29 octombrie, \u00eentr-una dintre s\u0103lile vechiului palat universitar, expozi\u021bia a fost conceput\u0103 tematic \u0219i cronologic. Prima parte a fost dedicat\u0103 \u00eenv\u0103\u021b\u0103m\u00e2ntului \u00een Moldova p\u00e2n\u0103 la 1860, a doua, istoriei Universit\u0103\u021bii ie\u0219ene \u00een perioada 1860-1944, prin prezentarea celor mai importante contribu\u021bii \u0219tiin\u021bifice ale unor profesori precum: Grigore Cob\u0103lcescu, Petru Poni, Garabet Ibr\u0103ileanu, A. D. Xenopol, Alexandru Philippide, Paul Bujor, C. I. Parhon, Petru Constantinescu-Ia\u0219i, Radu Cern\u0103tescu, Mihai Ralea, Alexandru Myller, Iorgu Iordan \u0219i George C\u0103linescu. A treia parte a fost alc\u0103tuit\u0103 din obiecte apar\u021bin\u00e2nd patrimoniului universitar, care marcau evolu\u021bia postbelic\u0103 a Universit\u0103\u021bii.<\/p>\n<p>Expozi\u021bia temporar\u0103 din 1960 s-a transformat \u00een expozi\u021bie permanent\u0103 \u00een 1985, pentru a marca 125 de ani de \u00eenv\u0103\u021b\u0103m\u00e2nt universitar la Ia\u0219i. \u00cen preg\u0103tirea momentului, Senatul universitar a aprobat, \u00een 1980, proiectul \u00eenfiin\u021b\u0103rii unui Muzeu al institu\u021biei. Astfel, prin grija lui Octav Davideanu, secretar-\u0219ef \u00een perioada respectiv\u0103, s-a organizat, \u00een incinta Palatului de la Copou, \u00eentr-o sal\u0103 care g\u0103zduie\u0219te ast\u0103zi Serviciul Acte de Studii, o expozi\u021bie cu o tematic\u0103 asem\u0103n\u0103toare celei din anul 1960. Bunurile patrimoniale universitare au fost a\u0219ezate \u00een 31 de vitrine, pe criterii tematice \u0219i cronologice. Se constituia, astfel, Muzeul univeristar, care avea s\u0103 func\u021bioneze \u00een acela\u0219i spa\u021biu mai bine de un deceniu.<\/p>\n<p>Dup\u0103 achizi\u021bionarea \u0219i amenajarea de c\u0103tre Universitate a imobilului de pe strada Titu Maiorescu, cas\u0103 construit\u0103 la \u00eenceputul secolului XX, bunuri apar\u021bin\u00e2nd Civiliza\u021biei Cucuteni, amintind de vechiul Muzeu de Antichit\u0103\u021bi, \u0219i obiecte ale patrimoniului universitar, nucleu al expozi\u021biei permanente din 1985, au fost reunite \u00eentr-un nou concept. Serb\u0103rile consacrate anivers\u0103rii celor 150 de ani de func\u021bionare a Universit\u0103\u021bii ie\u0219ene au constituit prilejul inaugur\u0103rii noului spa\u021biu \u0219i redeschiderii Muzeului, la 26 octombrie 2010.<\/p>\n","protected":false},"excerpt":{"rendered":"<p>Muzeele universit\u0103\u0163ilor au devenit pe parcursul secolelor XIX-XX institu\u0163ii indispensabile pentru p\u0103strarea memoriei academice \u015fi a istoriei elitelor intelectuale. Lumea rom\u00e2neasc\u0103 nu a fost str\u0103in\u0103 de aceast\u0103 exigen\u0163\u0103 restitutiv\u0103, \u00eens\u0103 eforturile institu\u0163ionale s-au derulat adesea sincopat, date fiind pagubele provocate [&hellip;]<\/p>\n","protected":false},"author":1,"featured_media":0,"parent":50,"menu_order":0,"comment_status":"closed","ping_status":"closed","template":"","meta":[],"_links":{"self":[{"href":"https:\/\/muzeul.uaic.ro\/index.php\/wp-json\/wp\/v2\/pages\/48"}],"collection":[{"href":"https:\/\/muzeul.uaic.ro\/index.php\/wp-json\/wp\/v2\/pages"}],"about":[{"href":"https:\/\/muzeul.uaic.ro\/index.php\/wp-json\/wp\/v2\/types\/page"}],"author":[{"embeddable":true,"href":"https:\/\/muzeul.uaic.ro\/index.php\/wp-json\/wp\/v2\/users\/1"}],"replies":[{"embeddable":true,"href":"https:\/\/muzeul.uaic.ro\/index.php\/wp-json\/wp\/v2\/comments?post=48"}],"version-history":[{"count":1,"href":"https:\/\/muzeul.uaic.ro\/index.php\/wp-json\/wp\/v2\/pages\/48\/revisions"}],"predecessor-version":[{"id":49,"href":"https:\/\/muzeul.uaic.ro\/index.php\/wp-json\/wp\/v2\/pages\/48\/revisions\/49"}],"up":[{"embeddable":true,"href":"https:\/\/muzeul.uaic.ro\/index.php\/wp-json\/wp\/v2\/pages\/50"}],"wp:attachment":[{"href":"https:\/\/muzeul.uaic.ro\/index.php\/wp-json\/wp\/v2\/media?parent=48"}],"curies":[{"name":"wp","href":"https:\/\/api.w.org\/{rel}","templated":true}]}}